{"id":22510,"date":"2021-04-19T10:40:02","date_gmt":"2021-04-19T08:40:02","guid":{"rendered":"https:\/\/www.maitri.pl\/?post_type=product&#038;p=22510"},"modified":"2023-02-10T12:26:07","modified_gmt":"2023-02-10T11:26:07","slug":"dzien-dziecka-afrykanskiego-pomoz-w-organizacji-szkolnego-swieta","status":"publish","type":"product","link":"https:\/\/www.maitri.pl\/en\/projekt\/dzien-dziecka-afrykanskiego-pomoz-w-organizacji-szkolnego-swieta\/","title":{"rendered":"Dzie\u0144 Dziecka Afryka\u0144skiego &#8211; pom\u00f3\u017c w organizacji szkolnego \u015bwi\u0119ta!"},"content":{"rendered":"<h4>\u015awi\u0119to dzieci upami\u0119tnia ich masakr\u0119 w RPA<\/h4>\n<p>Dzie\u0144 Dziecka Afryka\u0144skiego upami\u0119tnia masakry dzieci \u00a0w Soweto ko\u0142o <a href=\"https:\/\/pl.wikipedia.org\/wiki\/Johannesburg\">Johannesburga<\/a>\u00a0w\u00a0<a href=\"https:\/\/pl.wikipedia.org\/wiki\/Po\u0142udniowa_Afryka\">RPA<\/a>, dokonanej w 1976 roku przez tamtejszy re\u017cim rasistowski. W trakcie zaj\u015b\u0107 policja zastrzeli\u0142a ponad sto ch\u0142opc\u00f3w i dziewcz\u0105t, a ponad tysi\u0105c rani\u0142a. Pami\u0119\u0107 o tych tragicznych wydarzeniach sta\u0142a si\u0119 baz\u0105 do corocznej organizacji Dnia Dziecka Afryka\u0144skiego. 16 czerwca to radosny dzie\u0144. Zazwyczaj zbiega si\u0119 z zako\u0144czeniem roku szkolnego, jest form\u0105 wynagrodzenia dzieci za regularne ucz\u0119szczanie do szko\u0142y i dobre wyniki w nauce, co s\u0142u\u017cy obni\u017ceniu procenta analfabetyzmu, a na buziach dzieci wywo\u0142uje u\u015bmiech rado\u015bci.<\/p>\n<h4>Jedyna okazja do radosnej celebracji<\/h4>\n<p>W obchodach we\u017amie udzia\u0142\u00a0 oko\u0142o 500 dzieci, w tym dzieci ze szko\u0142y \u015aw. Paw\u0142a w Djouth, przedszkola, szk\u00f3\u0142 pigmejskich z pi\u0119ciu okolicznych wiosek\u00a0 (najdalsza jest oddalona 40 km). Jest to jedyna okazja w roku gdzie dzieci mog\u0105 ten dzie\u0144 <a href=\"https:\/\/www.maitri.pl\/adopcja-serca\/\" target=\"_blank\" rel=\"noopener\">prze\u017cy\u0107 w prawdziwej rado\u015bci i poczu\u0107 si\u0119 kochane<\/a>. Bardziej pozna\u0107 siebie. Wykaza\u0107 swoje talenty przez prezentacje ro\u017cnych ta\u0144c\u00f3w, wzi\u0105\u0107 udzia\u0142 w konkursach i zabawach. S\u0105 to dzieci z ro\u017cnych plemion i ka\u017cde plemi\u0119 prezentuje swoje tradycje, dzi\u0119ki kt\u00f3rym dzieci nawzajem si\u0119 ubogacaj\u0105. A dla rodzic\u00f3w dzieci te\u017c jest to rado\u015b\u0107, gdy widz\u0105 szcz\u0119\u015bcie w oczach swoich dzieci, kt\u00f3rego sami nie maj\u0105 mo\u017cliwo\u015bci im da\u0107. Pragniemy, aby dzieci z naszej misji obchodzi\u0142y Dzie\u0144 Dziecka\u00a0 Afryka\u0144skiego rado\u015bnie.<\/p>\n<h4>Posi\u0142ek wa\u017cniejszy ni\u017c zabawka<\/h4>\n<p>Jest to du\u017cy wysi\u0142ek organizacyjny. Trzeba dowie\u017a\u0107 na miejsce oko\u0142o 250 dzieci z dalszych wiosek. Do tego dochodzi konieczno\u015b\u0107 zorganizowania nag\u0142o\u015bnienia i \u015bwiat\u0142a. Chcemy te\u017c zakupi\u0107 drobne prezenty jako nagrody dla dzieci. Oczywi\u015bcie b\u0119dziemy te\u017c organizowa\u0107 posi\u0142ek, gdy\u017c bez niego w tutejszej tradycji nie ma \u015bwi\u0119ta. Dla dzieci punktem kulminacyjnym jest dobry posi\u0142ek, <strong>to im najbardziej zostaje w pami\u0119ci. Czasem bardziej ni\u017c zabawka. <\/strong>Ka\u017cdy Wasz gest otwarto\u015bci i dzielenia si\u0119 z tymi ma\u0142ymi daje nadziej\u0119 na uniwersalne spo\u0142ecze\u0144stwo bez barier i ogranicze\u0144. Nigdy nie b\u0119dziemy potrafili w spos\u00f3b odpowiedni Wam podzi\u0119kowa\u0107 za okazane wsparcie!<\/p>\n<h4><strong>Kosztorys:<\/strong><\/h4>\n<table style=\"height: 886px;\" width=\"814\">\n<tbody>\n<tr>\n<td colspan=\"2\" width=\"39\">LP<\/td>\n<td width=\"344\"><strong>OPIS<\/strong><\/td>\n<td colspan=\"2\" width=\"94\">Jednostki miary<\/td>\n<td colspan=\"2\" width=\"106\"><strong>Cena<\/strong><\/p>\n<p>(w miejscowej walucie)<\/td>\n<td width=\"147\"><strong>Kwota\u00a0\u00a0\u00a0\u00a0\u00a0\u00a0\u00a0\u00a0\u00a0\u00a0\u00a0\u00a0\u00a0\u00a0\u00a0\u00a0\u00a0\u00a0\u00a0\u00a0\u00a0 <\/strong>(w miejscowej walucie)<\/td>\n<\/tr>\n<tr>\n<td width=\"38\">1<\/td>\n<td colspan=\"3\" width=\"345\">Ry\u017c<\/td>\n<td colspan=\"2\" width=\"94\">150 KG<\/td>\n<td width=\"105\">22.000<\/td>\n<td width=\"147\">66.000 frank\u00f3w CFA<\/td>\n<\/tr>\n<tr>\n<td width=\"38\">2<\/td>\n<td colspan=\"3\" width=\"345\">Olej<\/td>\n<td colspan=\"2\" width=\"94\">20 litr<\/td>\n<td width=\"105\">1.300<\/td>\n<td width=\"147\">26.000 frank\u00f3w CFA<\/td>\n<\/tr>\n<tr>\n<td width=\"38\">3<\/td>\n<td colspan=\"3\" width=\"345\">Mi\u0119so z dziczyzny na sztuki<\/td>\n<td colspan=\"2\" width=\"94\">20 sztuk<\/td>\n<td width=\"105\">4.000<\/td>\n<td width=\"147\">80.000 frank\u00f3w CFA<\/td>\n<\/tr>\n<tr>\n<td width=\"38\">4<\/td>\n<td colspan=\"3\" width=\"345\">Ryby<\/td>\n<td colspan=\"2\" width=\"94\">40 KG<\/td>\n<td width=\"105\">1.300<\/td>\n<td width=\"147\">43.000 frank\u00f3w CFA<\/td>\n<\/tr>\n<tr>\n<td width=\"38\">5<\/td>\n<td colspan=\"3\" width=\"345\">Kury<\/td>\n<td colspan=\"2\" width=\"94\">15 sztuk<\/td>\n<td width=\"105\">4.500<\/td>\n<td width=\"147\">67.500 frank\u00f3w CFA<\/td>\n<\/tr>\n<tr>\n<td width=\"38\">6<\/td>\n<td colspan=\"3\" width=\"345\">Jarzyny i przyprawy<\/td>\n<td colspan=\"2\" width=\"94\"><\/td>\n<td width=\"105\"><\/td>\n<td width=\"147\">19.000 frank\u00f3w CFA<\/td>\n<\/tr>\n<tr>\n<td width=\"38\">7<\/td>\n<td colspan=\"3\" width=\"345\">Picie w proszku<\/td>\n<td colspan=\"2\" width=\"94\">10 paczek<\/td>\n<td width=\"105\">1.200<\/td>\n<td width=\"147\">12.000 frank\u00f3w CFA<\/td>\n<\/tr>\n<tr>\n<td width=\"38\">8<\/td>\n<td colspan=\"3\" width=\"345\">Ciastka<\/td>\n<td colspan=\"2\" width=\"94\">10 karton\u00f3w<\/td>\n<td width=\"105\">5.000<\/td>\n<td width=\"147\">50.000 frank\u00f3w CFA<\/td>\n<\/tr>\n<tr>\n<td width=\"38\">9<\/td>\n<td colspan=\"3\" width=\"345\">S\u0142odycze<\/td>\n<td colspan=\"2\" width=\"94\">20 paczek<\/td>\n<td width=\"105\">1.200<\/td>\n<td width=\"147\">24.000 frank\u00f3w CFA<\/td>\n<\/tr>\n<tr>\n<td width=\"38\">11<\/td>\n<td colspan=\"3\" width=\"345\">Zabawki, pi\u0142ki itp.<\/td>\n<td colspan=\"2\" width=\"94\"><\/td>\n<td width=\"105\"><\/td>\n<td width=\"147\">500.000 frank\u00f3w CFA<\/td>\n<\/tr>\n<tr>\n<td width=\"38\">12<\/td>\n<td colspan=\"3\" width=\"345\">Transport po dzieci i zakupy, \u0142\u0105cznie oko\u0142o 600 km<\/td>\n<td colspan=\"2\" width=\"94\"><\/td>\n<td width=\"105\"><\/td>\n<td width=\"147\">95.000 frank\u00f3w CFA<\/td>\n<\/tr>\n<tr>\n<td width=\"38\"><\/td>\n<td colspan=\"3\" width=\"345\"><strong>PODSUMOWANIE <\/strong>(w miejscowej walucie)<\/td>\n<td colspan=\"2\" width=\"94\">&nbsp;<\/p>\n<p>&nbsp;<\/td>\n<td width=\"105\"><\/td>\n<td width=\"147\">983.500 frank\u00f3w CFA<\/td>\n<\/tr>\n<tr>\n<td width=\"31\"><\/td>\n<td width=\"1\"><\/td>\n<td width=\"235\"><\/td>\n<td width=\"1\"><\/td>\n<td width=\"79\"><\/td>\n<td width=\"1\"><\/td>\n<td width=\"91\"><\/td>\n<td width=\"111\"><\/td>\n<\/tr>\n<\/tbody>\n<\/table>\n<p>&nbsp;<\/p>\n<p>Siostra Alicja Adamska<em>, <a href=\"https:\/\/www.zyciezakonne.pl\/informator\/zakony-zenskie\/zgromadzenie-siostr-najswietszej-duszy-chrystusa-pana-525\/\" target=\"_blank\" rel=\"noopener noreferrer\">Zgromadzenie Si\u00f3str Naj\u015bwi\u0119tszej Duszy Chrystusa Pana<\/a><\/em><\/p>\n<p><strong>Podsumowanie w miejscowej walucie: 983.500 frank\u00f3w CFA<\/strong><\/p>\n<p style=\"text-align: justify;\" align=\"JUSTIFY\"><span style=\"color: #ff0000;\"><span style=\"font-size: large;\"><b>Kwota projektu: 1670 \u20ac<br \/>\n<\/b><\/span><\/span><\/p>\n<p style=\"text-align: justify;\"><strong>Numer projektu: 147\/CHRYS<\/strong><\/p>\n<p style=\"text-align: justify;\" align=\"JUSTIFY\"><span style=\"color: #808080;\">Stowarzyszenie Ruchu\u00a0<em>Maitri<\/em>\u00a0przeznacza do 10% otrzymanych \u015brodk\u00f3w na koszty funkcjonowania biura i pozyskiwanie funduszy pomocowych.<\/span><\/p>\n<h3 style=\"text-align: justify;\" align=\"JUSTIFY\"><span style=\"color: #808080;\">Dzie\u0144 Dziecka Afryka\u0144skiego &#8211; pomoc na organizacj\u0119 \u015bwi\u0119ta!<\/span><\/h3>\n","protected":false},"excerpt":{"rendered":"<p><strong>Projekt:\u00a0<\/strong> <em>s. Alicja Adamska, <a href=\"https:\/\/www.zyciezakonne.pl\/informator\/zakony-zenskie\/zgromadzenie-siostr-najswietszej-duszy-chrystusa-pana-525\/\" target=\"_blank\" rel=\"noopener noreferrer\">Zgromadzenie Si\u00f3str Naj\u015bwi\u0119tszej Duszy Chrystusa Pana<\/a><\/em><br \/>\n<strong>Misja:<\/strong> Djouth, <a href=\"https:\/\/www.maitri.pl\/gdzie-pomagamy\/\" target=\"_blank\" rel=\"noopener noreferrer\">Kamerun<\/a><br \/>\n<strong>Kwota projektu: <span style=\"color: #ff0000;\">1670 \u20ac<\/span><\/strong><\/p>\n<p>Przekazana kwota 1000 \u20ac<\/p>\n","protected":false},"featured_media":22511,"template":"","meta":[],"product_brand":[],"product_cat":[656],"product_tag":[730,658,874],"class_list":{"0":"post-22510","1":"product","2":"type-product","3":"status-publish","4":"has-post-thumbnail","6":"product_cat-bez-kategorii","7":"product_tag-djouth","8":"product_tag-kamerun","9":"product_tag-siostra-donata-krupa","11":"first","12":"instock","13":"virtual","14":"purchasable","15":"product-type-simple"},"yoast_head":"<!-- This site is optimized with the Yoast SEO plugin v27.4 - https:\/\/yoast.com\/product\/yoast-seo-wordpress\/ -->\n<title>Dzie\u0144 Dziecka Afryka\u0144skiego - pom\u00f3\u017c w organizacji szkolnego \u015bwi\u0119ta!<\/title>\n<meta name=\"description\" content=\"Dzie\u0144 Dziecka Afryka\u0144skiego - pom\u00f3\u017c w organizacji \u015bwi\u0119ta! Uroczyste obchody 16 czerwca zbiegaj\u0105 si\u0119 z ko\u0144cem roku szkolnego. Podaruj uczniom u\u015bmiech!\" \/>\n<meta name=\"robots\" content=\"index, follow, max-snippet:-1, max-image-preview:large, max-video-preview:-1\" \/>\n<link rel=\"canonical\" href=\"https:\/\/www.maitri.pl\/projekt\/dzien-dziecka-afrykanskiego-pomoz-w-organizacji-szkolnego-swieta\/\" \/>\n<meta property=\"og:locale\" content=\"en_US\" \/>\n<meta property=\"og:type\" content=\"article\" \/>\n<meta property=\"og:title\" content=\"Dzie\u0144 Dziecka Afryka\u0144skiego - pom\u00f3\u017c w organizacji szkolnego \u015bwi\u0119ta!\" \/>\n<meta property=\"og:description\" content=\"Dzie\u0144 Dziecka Afryka\u0144skiego - pom\u00f3\u017c w organizacji \u015bwi\u0119ta! Uroczyste obchody 16 czerwca zbiegaj\u0105 si\u0119 z ko\u0144cem roku szkolnego. Podaruj uczniom u\u015bmiech!\" \/>\n<meta property=\"og:url\" content=\"https:\/\/www.maitri.pl\/projekt\/dzien-dziecka-afrykanskiego-pomoz-w-organizacji-szkolnego-swieta\/\" \/>\n<meta property=\"og:site_name\" content=\"Ruch Maitri - Adopcja Serca pomoc Afryce\" \/>\n<meta property=\"article:publisher\" content=\"https:\/\/www.facebook.com\/MAITRI.Adopcja.Serca.dzieci.Afryki\/\" \/>\n<meta property=\"article:modified_time\" content=\"2023-02-10T11:26:07+00:00\" \/>\n<meta property=\"og:image\" content=\"https:\/\/www.maitri.pl\/wp-content\/uploads\/2021\/04\/147-chrys-2.jpg\" \/>\n\t<meta property=\"og:image:width\" content=\"800\" \/>\n\t<meta property=\"og:image:height\" content=\"600\" \/>\n\t<meta property=\"og:image:type\" content=\"image\/jpeg\" \/>\n<meta name=\"twitter:card\" content=\"summary_large_image\" \/>\n<meta name=\"twitter:label1\" content=\"Est. reading time\" \/>\n\t<meta name=\"twitter:data1\" content=\"3 minutes\" \/>\n<script type=\"application\/ld+json\" class=\"yoast-schema-graph\">{\"@context\":\"https:\\\/\\\/schema.org\",\"@graph\":[{\"@type\":\"WebPage\",\"@id\":\"https:\\\/\\\/www.maitri.pl\\\/projekt\\\/dzien-dziecka-afrykanskiego-pomoz-w-organizacji-szkolnego-swieta\\\/\",\"url\":\"https:\\\/\\\/www.maitri.pl\\\/projekt\\\/dzien-dziecka-afrykanskiego-pomoz-w-organizacji-szkolnego-swieta\\\/\",\"name\":\"Dzie\u0144 Dziecka Afryka\u0144skiego - pom\u00f3\u017c w organizacji szkolnego \u015bwi\u0119ta!\",\"isPartOf\":{\"@id\":\"https:\\\/\\\/www.maitri.pl\\\/#website\"},\"primaryImageOfPage\":{\"@id\":\"https:\\\/\\\/www.maitri.pl\\\/projekt\\\/dzien-dziecka-afrykanskiego-pomoz-w-organizacji-szkolnego-swieta\\\/#primaryimage\"},\"image\":{\"@id\":\"https:\\\/\\\/www.maitri.pl\\\/projekt\\\/dzien-dziecka-afrykanskiego-pomoz-w-organizacji-szkolnego-swieta\\\/#primaryimage\"},\"thumbnailUrl\":\"https:\\\/\\\/www.maitri.pl\\\/wp-content\\\/uploads\\\/2021\\\/04\\\/147-chrys-2.jpg\",\"datePublished\":\"2021-04-19T08:40:02+00:00\",\"dateModified\":\"2023-02-10T11:26:07+00:00\",\"description\":\"Dzie\u0144 Dziecka Afryka\u0144skiego - pom\u00f3\u017c w organizacji \u015bwi\u0119ta! Uroczyste obchody 16 czerwca zbiegaj\u0105 si\u0119 z ko\u0144cem roku szkolnego. Podaruj uczniom u\u015bmiech!\",\"breadcrumb\":{\"@id\":\"https:\\\/\\\/www.maitri.pl\\\/projekt\\\/dzien-dziecka-afrykanskiego-pomoz-w-organizacji-szkolnego-swieta\\\/#breadcrumb\"},\"inLanguage\":\"en-US\",\"potentialAction\":[{\"@type\":\"ReadAction\",\"target\":[\"https:\\\/\\\/www.maitri.pl\\\/projekt\\\/dzien-dziecka-afrykanskiego-pomoz-w-organizacji-szkolnego-swieta\\\/\"]}]},{\"@type\":\"ImageObject\",\"inLanguage\":\"en-US\",\"@id\":\"https:\\\/\\\/www.maitri.pl\\\/projekt\\\/dzien-dziecka-afrykanskiego-pomoz-w-organizacji-szkolnego-swieta\\\/#primaryimage\",\"url\":\"https:\\\/\\\/www.maitri.pl\\\/wp-content\\\/uploads\\\/2021\\\/04\\\/147-chrys-2.jpg\",\"contentUrl\":\"https:\\\/\\\/www.maitri.pl\\\/wp-content\\\/uploads\\\/2021\\\/04\\\/147-chrys-2.jpg\",\"width\":800,\"height\":600,\"caption\":\"Programmed by Samsung DVS Software R&amp;D Group\"},{\"@type\":\"BreadcrumbList\",\"@id\":\"https:\\\/\\\/www.maitri.pl\\\/projekt\\\/dzien-dziecka-afrykanskiego-pomoz-w-organizacji-szkolnego-swieta\\\/#breadcrumb\",\"itemListElement\":[{\"@type\":\"ListItem\",\"position\":1,\"name\":\"Strona g\u0142\u00f3wna\",\"item\":\"https:\\\/\\\/www.maitri.pl\\\/en\\\/\"},{\"@type\":\"ListItem\",\"position\":2,\"name\":\"Sklep\",\"item\":\"https:\\\/\\\/www.maitri.pl\\\/sklep\\\/\"},{\"@type\":\"ListItem\",\"position\":3,\"name\":\"Dzie\u0144 Dziecka Afryka\u0144skiego &#8211; pom\u00f3\u017c w organizacji szkolnego \u015bwi\u0119ta!\"}]},{\"@type\":\"WebSite\",\"@id\":\"https:\\\/\\\/www.maitri.pl\\\/#website\",\"url\":\"https:\\\/\\\/www.maitri.pl\\\/\",\"name\":\"Adopcja Serca Maitri \u2013 pomoc dzieciom w Afryce\",\"description\":\"Adopcja Serca \u2013 adopcja na odleg\u0142o\u015b\u0107, pomoc Afryce, do\u017cywianie i edukacja w Afryce\",\"publisher\":{\"@id\":\"https:\\\/\\\/www.maitri.pl\\\/#organization\"},\"potentialAction\":[{\"@type\":\"SearchAction\",\"target\":{\"@type\":\"EntryPoint\",\"urlTemplate\":\"https:\\\/\\\/www.maitri.pl\\\/?s={search_term_string}\"},\"query-input\":{\"@type\":\"PropertyValueSpecification\",\"valueRequired\":true,\"valueName\":\"search_term_string\"}}],\"inLanguage\":\"en-US\"},{\"@type\":\"Organization\",\"@id\":\"https:\\\/\\\/www.maitri.pl\\\/#organization\",\"name\":\"Stowarzyszenie Ruchu Maitri\",\"url\":\"https:\\\/\\\/www.maitri.pl\\\/\",\"logo\":{\"@type\":\"ImageObject\",\"inLanguage\":\"en-US\",\"@id\":\"https:\\\/\\\/www.maitri.pl\\\/#\\\/schema\\\/logo\\\/image\\\/\",\"url\":\"https:\\\/\\\/www.maitri.pl\\\/wp-content\\\/uploads\\\/2020\\\/04\\\/duze_logo-81.png\",\"contentUrl\":\"https:\\\/\\\/www.maitri.pl\\\/wp-content\\\/uploads\\\/2020\\\/04\\\/duze_logo-81.png\",\"width\":339,\"height\":321,\"caption\":\"Stowarzyszenie Ruchu Maitri\"},\"image\":{\"@id\":\"https:\\\/\\\/www.maitri.pl\\\/#\\\/schema\\\/logo\\\/image\\\/\"},\"sameAs\":[\"https:\\\/\\\/www.facebook.com\\\/MAITRI.Adopcja.Serca.dzieci.Afryki\\\/\"]}]}<\/script>\n<!-- \/ Yoast SEO plugin. -->","yoast_head_json":{"title":"Dzie\u0144 Dziecka Afryka\u0144skiego - pom\u00f3\u017c w organizacji szkolnego \u015bwi\u0119ta!","description":"Dzie\u0144 Dziecka Afryka\u0144skiego - pom\u00f3\u017c w organizacji \u015bwi\u0119ta! Uroczyste obchody 16 czerwca zbiegaj\u0105 si\u0119 z ko\u0144cem roku szkolnego. Podaruj uczniom u\u015bmiech!","robots":{"index":"index","follow":"follow","max-snippet":"max-snippet:-1","max-image-preview":"max-image-preview:large","max-video-preview":"max-video-preview:-1"},"canonical":"https:\/\/www.maitri.pl\/projekt\/dzien-dziecka-afrykanskiego-pomoz-w-organizacji-szkolnego-swieta\/","og_locale":"en_US","og_type":"article","og_title":"Dzie\u0144 Dziecka Afryka\u0144skiego - pom\u00f3\u017c w organizacji szkolnego \u015bwi\u0119ta!","og_description":"Dzie\u0144 Dziecka Afryka\u0144skiego - pom\u00f3\u017c w organizacji \u015bwi\u0119ta! Uroczyste obchody 16 czerwca zbiegaj\u0105 si\u0119 z ko\u0144cem roku szkolnego. Podaruj uczniom u\u015bmiech!","og_url":"https:\/\/www.maitri.pl\/projekt\/dzien-dziecka-afrykanskiego-pomoz-w-organizacji-szkolnego-swieta\/","og_site_name":"Ruch Maitri - Adopcja Serca pomoc Afryce","article_publisher":"https:\/\/www.facebook.com\/MAITRI.Adopcja.Serca.dzieci.Afryki\/","article_modified_time":"2023-02-10T11:26:07+00:00","og_image":[{"width":800,"height":600,"url":"https:\/\/www.maitri.pl\/wp-content\/uploads\/2021\/04\/147-chrys-2.jpg","type":"image\/jpeg"}],"twitter_card":"summary_large_image","twitter_misc":{"Est. reading time":"3 minutes"},"schema":{"@context":"https:\/\/schema.org","@graph":[{"@type":"WebPage","@id":"https:\/\/www.maitri.pl\/projekt\/dzien-dziecka-afrykanskiego-pomoz-w-organizacji-szkolnego-swieta\/","url":"https:\/\/www.maitri.pl\/projekt\/dzien-dziecka-afrykanskiego-pomoz-w-organizacji-szkolnego-swieta\/","name":"Dzie\u0144 Dziecka Afryka\u0144skiego - pom\u00f3\u017c w organizacji szkolnego \u015bwi\u0119ta!","isPartOf":{"@id":"https:\/\/www.maitri.pl\/#website"},"primaryImageOfPage":{"@id":"https:\/\/www.maitri.pl\/projekt\/dzien-dziecka-afrykanskiego-pomoz-w-organizacji-szkolnego-swieta\/#primaryimage"},"image":{"@id":"https:\/\/www.maitri.pl\/projekt\/dzien-dziecka-afrykanskiego-pomoz-w-organizacji-szkolnego-swieta\/#primaryimage"},"thumbnailUrl":"https:\/\/www.maitri.pl\/wp-content\/uploads\/2021\/04\/147-chrys-2.jpg","datePublished":"2021-04-19T08:40:02+00:00","dateModified":"2023-02-10T11:26:07+00:00","description":"Dzie\u0144 Dziecka Afryka\u0144skiego - pom\u00f3\u017c w organizacji \u015bwi\u0119ta! Uroczyste obchody 16 czerwca zbiegaj\u0105 si\u0119 z ko\u0144cem roku szkolnego. Podaruj uczniom u\u015bmiech!","breadcrumb":{"@id":"https:\/\/www.maitri.pl\/projekt\/dzien-dziecka-afrykanskiego-pomoz-w-organizacji-szkolnego-swieta\/#breadcrumb"},"inLanguage":"en-US","potentialAction":[{"@type":"ReadAction","target":["https:\/\/www.maitri.pl\/projekt\/dzien-dziecka-afrykanskiego-pomoz-w-organizacji-szkolnego-swieta\/"]}]},{"@type":"ImageObject","inLanguage":"en-US","@id":"https:\/\/www.maitri.pl\/projekt\/dzien-dziecka-afrykanskiego-pomoz-w-organizacji-szkolnego-swieta\/#primaryimage","url":"https:\/\/www.maitri.pl\/wp-content\/uploads\/2021\/04\/147-chrys-2.jpg","contentUrl":"https:\/\/www.maitri.pl\/wp-content\/uploads\/2021\/04\/147-chrys-2.jpg","width":800,"height":600,"caption":"Programmed by Samsung DVS Software R&amp;D Group"},{"@type":"BreadcrumbList","@id":"https:\/\/www.maitri.pl\/projekt\/dzien-dziecka-afrykanskiego-pomoz-w-organizacji-szkolnego-swieta\/#breadcrumb","itemListElement":[{"@type":"ListItem","position":1,"name":"Strona g\u0142\u00f3wna","item":"https:\/\/www.maitri.pl\/en\/"},{"@type":"ListItem","position":2,"name":"Sklep","item":"https:\/\/www.maitri.pl\/sklep\/"},{"@type":"ListItem","position":3,"name":"Dzie\u0144 Dziecka Afryka\u0144skiego &#8211; pom\u00f3\u017c w organizacji szkolnego \u015bwi\u0119ta!"}]},{"@type":"WebSite","@id":"https:\/\/www.maitri.pl\/#website","url":"https:\/\/www.maitri.pl\/","name":"Adopcja Serca Maitri \u2013 pomoc dzieciom w Afryce","description":"Adopcja Serca \u2013 adopcja na odleg\u0142o\u015b\u0107, pomoc Afryce, do\u017cywianie i edukacja w Afryce","publisher":{"@id":"https:\/\/www.maitri.pl\/#organization"},"potentialAction":[{"@type":"SearchAction","target":{"@type":"EntryPoint","urlTemplate":"https:\/\/www.maitri.pl\/?s={search_term_string}"},"query-input":{"@type":"PropertyValueSpecification","valueRequired":true,"valueName":"search_term_string"}}],"inLanguage":"en-US"},{"@type":"Organization","@id":"https:\/\/www.maitri.pl\/#organization","name":"Stowarzyszenie Ruchu Maitri","url":"https:\/\/www.maitri.pl\/","logo":{"@type":"ImageObject","inLanguage":"en-US","@id":"https:\/\/www.maitri.pl\/#\/schema\/logo\/image\/","url":"https:\/\/www.maitri.pl\/wp-content\/uploads\/2020\/04\/duze_logo-81.png","contentUrl":"https:\/\/www.maitri.pl\/wp-content\/uploads\/2020\/04\/duze_logo-81.png","width":339,"height":321,"caption":"Stowarzyszenie Ruchu Maitri"},"image":{"@id":"https:\/\/www.maitri.pl\/#\/schema\/logo\/image\/"},"sameAs":["https:\/\/www.facebook.com\/MAITRI.Adopcja.Serca.dzieci.Afryki\/"]}]}},"_links":{"self":[{"href":"https:\/\/www.maitri.pl\/en\/wp-json\/wp\/v2\/product\/22510","targetHints":{"allow":["GET"]}}],"collection":[{"href":"https:\/\/www.maitri.pl\/en\/wp-json\/wp\/v2\/product"}],"about":[{"href":"https:\/\/www.maitri.pl\/en\/wp-json\/wp\/v2\/types\/product"}],"wp:featuredmedia":[{"embeddable":true,"href":"https:\/\/www.maitri.pl\/en\/wp-json\/wp\/v2\/media\/22511"}],"wp:attachment":[{"href":"https:\/\/www.maitri.pl\/en\/wp-json\/wp\/v2\/media?parent=22510"}],"wp:term":[{"taxonomy":"product_brand","embeddable":true,"href":"https:\/\/www.maitri.pl\/en\/wp-json\/wp\/v2\/product_brand?post=22510"},{"taxonomy":"product_cat","embeddable":true,"href":"https:\/\/www.maitri.pl\/en\/wp-json\/wp\/v2\/product_cat?post=22510"},{"taxonomy":"product_tag","embeddable":true,"href":"https:\/\/www.maitri.pl\/en\/wp-json\/wp\/v2\/product_tag?post=22510"}],"curies":[{"name":"wp","href":"https:\/\/api.w.org\/{rel}","templated":true}]}}